{"id":40375,"date":"2013-09-10T00:00:00","date_gmt":"2013-09-10T05:00:00","guid":{"rendered":"https:\/\/www.fmreview.org\/kane-kane-2-2\/"},"modified":"2025-06-25T09:48:19","modified_gmt":"2025-06-25T14:48:19","slug":"kane-kane-2-2","status":"publish","type":"fmr_content","link":"https:\/\/www.fmreview.org\/ar\/kane-kane-2-2\/","title":{"rendered":"\u00daltimo recurso para los casos de detenci\u00f3n y deportaci\u00f3n err\u00f3nea en \u00c1frica"},"content":{"rendered":"<p>Esmaila Connateh era una de las cerca de 126.247 personas extranjeras deportadas en masa desde Angola en 2004. Ni se les expidi&oacute; una orden de arresto ni se les dio ninguna raz&oacute;n. Su documentaci&oacute;n oficial les fue confiscada, como ocurri&oacute; con los bienes que no hab&iacute;an tenido que dejar atr&aacute;s. A la mayor&iacute;a se les mantuvo durante semanas (a algunos durante meses) en campos de internamiento que antes serv&iacute;an para guardar animales y que segu&iacute;an llenos de excrementos. No dispon&iacute;an de atenci&oacute;n m&eacute;dica, la comida escaseaba y los sistemas de saneamiento eran deficientes. A ninguno se le permiti&oacute; acceder al sistema jur&iacute;dico para recurrir su arresto, detenci&oacute;n o condiciones de confinamiento.<\/p>\n<p><span style=\"line-height: 1.5em;\">Sin ning&uacute;n foro alternativo viable al que notificar estas violaciones de los derechos humanos, el Instituto de Derechos Humanos y Desarrollo en &Aacute;frica present&oacute; una queja en su nombre ante la Comisi&oacute;n Africana de Derechos Humanos y de los Pueblos. La Comisi&oacute;n fue establecida por la Carta Africana sobre los Derechos Humanos y de los Pueblos para abordar las violaciones de los derechos dispuestos en dicha Carta.<\/span><\/p>\n<p>Al considerar el caso de Esmaila Connateh, la Comisi&oacute;n sopes&oacute; las presuntas violaciones de la Carta, tomando una decisi&oacute;n sobre el merecimiento de cada una. Con respecto al Art&iacute;culo 6 de la Carta (que versa sobre la detenci&oacute;n), la Comisi&oacute;n dictamin&oacute; lo siguiente: &ldquo;La prohibici&oacute;n de las detenciones arbitrarias incluye la prohibici&oacute;n de la detenci&oacute;n indefinida as&iacute; como los arrestos y detenciones &uacute;nicamente por raz&oacute;n de etnia&rdquo;. Dado que no exist&iacute;an pruebas de que &ldquo;a las v&iacute;ctimas se les hubiese mostrado una orden u otro documento relativo a los cargos bajo los que se les estaba arrestando&rdquo;, dichos arrestos y detenciones eran arbitrarios y Angola estaba violando el Art&iacute;culo 6. En otros casos de arrestos y detenci&oacute;n arbitraria, la Comisi&oacute;n ha dejado claro que &ldquo;la arbitrariedad no se equiparar&aacute; con el hecho de &ldquo;ser contrario a la ley&rdquo; sino que deber&aacute; interpretarse de un modo m&aacute;s amplio para incluir elementos de inoportunidad, injusticia, falta de previsibilidad y de garant&iacute;as procesales&rdquo;. En resumen, la Comisi&oacute;n reconoce que las leyes de un pa&iacute;s concreto pueden no ser razonables y que hay que mirar m&aacute;s all&aacute; de las leyes nacionales para determinar si un arresto es procedente.<\/p>\n<p><span style=\"line-height: 1.5em;\">La Comisi&oacute;n tambi&eacute;n hall&oacute; que la conducta de Angola violaba el Art&iacute;culo 12 relativo a la libertad de movimiento y residencia. &ldquo;Aunque los Estados africanos puedan expulsar a los no nacionales de sus territorios, las medidas que tomen en dichas circunstancias deber&aacute;n ser sin detrimento del disfrute de los derechos humanos [&#8230;] Las deportaciones [deber&iacute;an] producirse de acuerdo con las garant&iacute;as procesales [&#8230;] La situaci&oacute;n tal y como se presenta por parte del demandante no ofreci&oacute; a los expulsados las debidas garant&iacute;as procesales para la protecci&oacute;n de los derechos que presuntamente el Estado demandado ha violado y no se les permiti&oacute; acceder a las v&iacute;as de recurso del derecho nacional para al menos recurrir, si no cambiar, la decisi&oacute;n sobre su expulsi&oacute;n&rdquo;. Adem&aacute;s, la Comisi&oacute;n dictamin&oacute; que las expulsiones masivas de cualquier categor&iacute;a de personas, ya sea por razones de nacionalidad, religi&oacute;n, etnia, raza u otras consideraciones, &ldquo;constituye una especial violaci&oacute;n de los derechos humanos&rdquo;.<\/span><\/p>\n<p><span style=\"line-height: 1.5em;\">En t&eacute;rminos generales, la Comisi&oacute;n consider&oacute; que la expulsi&oacute;n masiva a trav&eacute;s de una &quot;acci&oacute;n de Gobierno, especialmente dirigido a grupos espec&iacute;ficos nacionales, raciales, &eacute;tnicos o religiosos es generalmente calificada como discriminatoria en el sentido de que ninguna de sus caracter&iacute;sticas tiene ninguna base legal &#8230;&quot; A continuaci&oacute;n, la Comisi&oacute;n a explica la raz&oacute;n de su decisi&oacute;n: &quot;Los Estados de &Aacute;frica en general y de la Rep&uacute;blica de Angola, en particular, se enfrentan a muchos retos, sobre todo econ&oacute;micos. A la vista de estas dificultades, los Estados recurren a menudo a medidas radicales encaminadas a proteger a sus ciudadanos y sus econom&iacute;as de los no nacionales. Sin embargo, sean cuales sean las circunstancias, estas medidas no deben ser tomadas en detrimento del disfrute de los derechos humanos&quot;.<\/span><\/p>\n<p><span style=\"line-height: 1.5em;\">Pero, cuando uno gana un caso ante la Comisi&oacute;n, a menudo siente que se trata de una victoria silenciosa porque las decisiones de la Comisi&oacute;n son solo &ldquo;recomendaciones&rdquo; y a menudo son sencillamente ignoradas. El Gobierno angole&ntilde;o no s&oacute;lo ignor&oacute; las decisiones de la Comisi&oacute;n sino que repiti&oacute; esta infracci&oacute;n posteriormente. Sin embargo, no se deber&iacute;a dejar de optar por la Comisi&oacute;n. Sus recomendaciones ofrecen a las ONG y a los Estados la oportunidad de presionar a un Estado infractor que no cumple con los derechos humanos. Tambi&eacute;n valen como precedentes para las futuras decisiones de la Comisi&oacute;n a la vez que contribuyen al siempre creciente conjunto de leyes del Derecho Internacional de los Derechos Humanos.<\/span><\/p>\n<p>&nbsp;<\/p>\n<p>Matthew C. Kane <em><a href=\"mailto:mkane@ryanwhaley.com\">mkane@ryanwhaley.com<\/a><\/em> es abogado en activo en la firma Ryan Whaley Coldiron Shandy PLLC y profesor adjunto en la Facultad de Derecho de la Universidad de Oklahoma y en la Escuela de Derecho de la Universidad de Oklahoma City. Susan F. Kane <em><a href=\"mailto:skane@ryanwhaley.com\">skane@ryanwhaley.com<\/a><\/em> tambi&eacute;n se dedica al Derecho &nbsp;promoviendo y educando en materia de adopci&oacute;n nacional e internacional. Ambos han trabajado en cuestiones de derechos humanos en &Aacute;frica Central y Oriental.<\/p>\n<p>&nbsp;<\/p>\n<p><span style=\"line-height: 1.5em;\">Si desea informaci&oacute;n m&aacute;s detallada sobre las decisiones aqu&iacute; debatidas y otras decisiones de la Comisi&oacute;n, puede consultar el analizador de jurisprudencia relativa a los derechos humanos en &Aacute;frica en: <\/span><a href=\"http:\/\/caselaw.ihrda.org\/acmhpr\/\" style=\"line-height: 1.5em;\">http:\/\/caselaw.ihrda.org\/acmhpr\/<\/a><span style=\"line-height: 1.5em;\">. Vea tambi&eacute;n dos art&iacute;culos m&aacute;s largos de los autores en <\/span><a href=\"http:\/\/www.ryanwhaley.com\/attorneys\/matthew-kane\/\" style=\"line-height: 1.5em;\">www.ryanwhaley.com\/attorneys\/matthew-kane\/<\/a><\/p>\n","protected":false},"excerpt":{"rendered":"<p>Esmaila Connateh era una de las cerca de 126.247 personas extranjeras deportadas en masa desde Angola en 2004. Ni se les expidi&oacute; una orden de arresto ni se les dio ninguna raz&oacute;n. Su documentaci&oacute;n oficial les fue confiscada, como ocurri&oacute; con los bienes que no hab&iacute;an tenido que dejar atr&aacute;s. A la mayor&iacute;a se les&hellip;<\/p>\n","protected":false},"featured_media":0,"parent":0,"menu_order":0,"template":"","fmr_themes":[],"fmr_region":[],"fmr_issue":[92],"fmr_year":[],"fmr_content_type":[27],"fmr_languages":[38],"fmr_list_years":[562],"class_list":["post-40375","fmr_content","type-fmr_content","status-publish","hentry","fmr_issue-92","fmr_content_type-article","fmr_languages-spanish","fmr_list_years-562","entry","no-media"],"acf":[],"yoast_head":"<!-- This site is optimized with the Yoast SEO plugin v26.7 - https:\/\/yoast.com\/wordpress\/plugins\/seo\/ -->\n<title>\u00daltimo recurso para los casos de detenci\u00f3n y deportaci\u00f3n err\u00f3nea en \u00c1frica - Forced Migration Review<\/title>\n<meta name=\"robots\" content=\"index, follow, max-snippet:-1, max-image-preview:large, max-video-preview:-1\" \/>\n<link rel=\"canonical\" href=\"https:\/\/www.fmreview.org\/kane-kane-2-2\/\" \/>\n<meta property=\"og:locale\" content=\"ar_AR\" \/>\n<meta property=\"og:type\" content=\"article\" \/>\n<meta property=\"og:title\" content=\"\u00daltimo recurso para los casos de detenci\u00f3n y deportaci\u00f3n err\u00f3nea en \u00c1frica - Forced Migration Review\" \/>\n<meta property=\"og:description\" content=\"Esmaila Connateh era una de las cerca de 126.247 personas extranjeras deportadas en masa desde Angola en 2004. Ni se les expidi&oacute; una orden de arresto ni se les dio ninguna raz&oacute;n. Su documentaci&oacute;n oficial les fue confiscada, como ocurri&oacute; con los bienes que no hab&iacute;an tenido que dejar atr&aacute;s. A la mayor&iacute;a se les&hellip;\" \/>\n<meta property=\"og:url\" content=\"https:\/\/www.fmreview.org\/kane-kane-2-2\/\" \/>\n<meta property=\"og:site_name\" content=\"Forced Migration Review\" \/>\n<meta property=\"article:modified_time\" content=\"2025-06-25T14:48:19+00:00\" \/>\n<meta name=\"twitter:card\" content=\"summary_large_image\" \/>\n<meta name=\"twitter:label1\" content=\"Est. reading time\" \/>\n\t<meta name=\"twitter:data1\" content=\"6 minutes\" \/>\n<script type=\"application\/ld+json\" class=\"yoast-schema-graph\">{\"@context\":\"https:\/\/schema.org\",\"@graph\":[{\"@type\":\"WebPage\",\"@id\":\"https:\/\/www.fmreview.org\/kane-kane-2-2\/\",\"url\":\"https:\/\/www.fmreview.org\/kane-kane-2-2\/\",\"name\":\"\u00daltimo recurso para los casos de detenci\u00f3n y deportaci\u00f3n err\u00f3nea en \u00c1frica - Forced Migration Review\",\"isPartOf\":{\"@id\":\"https:\/\/www.fmreview.org\/#website\"},\"datePublished\":\"2013-09-10T05:00:00+00:00\",\"dateModified\":\"2025-06-25T14:48:19+00:00\",\"breadcrumb\":{\"@id\":\"https:\/\/www.fmreview.org\/kane-kane-2-2\/#breadcrumb\"},\"inLanguage\":\"ar\",\"potentialAction\":[{\"@type\":\"ReadAction\",\"target\":[\"https:\/\/www.fmreview.org\/kane-kane-2-2\/\"]}]},{\"@type\":\"BreadcrumbList\",\"@id\":\"https:\/\/www.fmreview.org\/kane-kane-2-2\/#breadcrumb\",\"itemListElement\":[{\"@type\":\"ListItem\",\"position\":1,\"name\":\"Home\",\"item\":\"https:\/\/www.fmreview.org\/ar\/\"},{\"@type\":\"ListItem\",\"position\":2,\"name\":\"\u00daltimo recurso para los casos de detenci\u00f3n y deportaci\u00f3n err\u00f3nea en \u00c1frica\"}]},{\"@type\":\"WebSite\",\"@id\":\"https:\/\/www.fmreview.org\/#website\",\"url\":\"https:\/\/www.fmreview.org\/\",\"name\":\"Forced Migration Review\",\"description\":\"\",\"publisher\":{\"@id\":\"https:\/\/www.fmreview.org\/#organization\"},\"potentialAction\":[{\"@type\":\"SearchAction\",\"target\":{\"@type\":\"EntryPoint\",\"urlTemplate\":\"https:\/\/www.fmreview.org\/?s={search_term_string}\"},\"query-input\":{\"@type\":\"PropertyValueSpecification\",\"valueRequired\":true,\"valueName\":\"search_term_string\"}}],\"inLanguage\":\"ar\"},{\"@type\":\"Organization\",\"@id\":\"https:\/\/www.fmreview.org\/#organization\",\"name\":\"Forced Migration Review\",\"url\":\"https:\/\/www.fmreview.org\/\",\"logo\":{\"@type\":\"ImageObject\",\"inLanguage\":\"ar\",\"@id\":\"https:\/\/www.fmreview.org\/#\/schema\/logo\/image\/\",\"url\":\"https:\/\/www.fmreview.org\/wp-content\/uploads\/2024\/02\/FMR_logo1.svg\",\"contentUrl\":\"https:\/\/www.fmreview.org\/wp-content\/uploads\/2024\/02\/FMR_logo1.svg\",\"width\":53,\"height\":62,\"caption\":\"Forced Migration Review\"},\"image\":{\"@id\":\"https:\/\/www.fmreview.org\/#\/schema\/logo\/image\/\"}}]}<\/script>\n<!-- \/ Yoast SEO plugin. -->","yoast_head_json":{"title":"\u00daltimo recurso para los casos de detenci\u00f3n y deportaci\u00f3n err\u00f3nea en \u00c1frica - Forced Migration Review","robots":{"index":"index","follow":"follow","max-snippet":"max-snippet:-1","max-image-preview":"max-image-preview:large","max-video-preview":"max-video-preview:-1"},"canonical":"https:\/\/www.fmreview.org\/kane-kane-2-2\/","og_locale":"ar_AR","og_type":"article","og_title":"\u00daltimo recurso para los casos de detenci\u00f3n y deportaci\u00f3n err\u00f3nea en \u00c1frica - Forced Migration Review","og_description":"Esmaila Connateh era una de las cerca de 126.247 personas extranjeras deportadas en masa desde Angola en 2004. Ni se les expidi&oacute; una orden de arresto ni se les dio ninguna raz&oacute;n. Su documentaci&oacute;n oficial les fue confiscada, como ocurri&oacute; con los bienes que no hab&iacute;an tenido que dejar atr&aacute;s. A la mayor&iacute;a se les&hellip;","og_url":"https:\/\/www.fmreview.org\/kane-kane-2-2\/","og_site_name":"Forced Migration Review","article_modified_time":"2025-06-25T14:48:19+00:00","twitter_card":"summary_large_image","twitter_misc":{"Est. reading time":"6 minutes"},"schema":{"@context":"https:\/\/schema.org","@graph":[{"@type":"WebPage","@id":"https:\/\/www.fmreview.org\/kane-kane-2-2\/","url":"https:\/\/www.fmreview.org\/kane-kane-2-2\/","name":"\u00daltimo recurso para los casos de detenci\u00f3n y deportaci\u00f3n err\u00f3nea en \u00c1frica - Forced Migration Review","isPartOf":{"@id":"https:\/\/www.fmreview.org\/#website"},"datePublished":"2013-09-10T05:00:00+00:00","dateModified":"2025-06-25T14:48:19+00:00","breadcrumb":{"@id":"https:\/\/www.fmreview.org\/kane-kane-2-2\/#breadcrumb"},"inLanguage":"ar","potentialAction":[{"@type":"ReadAction","target":["https:\/\/www.fmreview.org\/kane-kane-2-2\/"]}]},{"@type":"BreadcrumbList","@id":"https:\/\/www.fmreview.org\/kane-kane-2-2\/#breadcrumb","itemListElement":[{"@type":"ListItem","position":1,"name":"Home","item":"https:\/\/www.fmreview.org\/ar\/"},{"@type":"ListItem","position":2,"name":"\u00daltimo recurso para los casos de detenci\u00f3n y deportaci\u00f3n err\u00f3nea en \u00c1frica"}]},{"@type":"WebSite","@id":"https:\/\/www.fmreview.org\/#website","url":"https:\/\/www.fmreview.org\/","name":"Forced Migration Review","description":"","publisher":{"@id":"https:\/\/www.fmreview.org\/#organization"},"potentialAction":[{"@type":"SearchAction","target":{"@type":"EntryPoint","urlTemplate":"https:\/\/www.fmreview.org\/?s={search_term_string}"},"query-input":{"@type":"PropertyValueSpecification","valueRequired":true,"valueName":"search_term_string"}}],"inLanguage":"ar"},{"@type":"Organization","@id":"https:\/\/www.fmreview.org\/#organization","name":"Forced Migration Review","url":"https:\/\/www.fmreview.org\/","logo":{"@type":"ImageObject","inLanguage":"ar","@id":"https:\/\/www.fmreview.org\/#\/schema\/logo\/image\/","url":"https:\/\/www.fmreview.org\/wp-content\/uploads\/2024\/02\/FMR_logo1.svg","contentUrl":"https:\/\/www.fmreview.org\/wp-content\/uploads\/2024\/02\/FMR_logo1.svg","width":53,"height":62,"caption":"Forced Migration Review"},"image":{"@id":"https:\/\/www.fmreview.org\/#\/schema\/logo\/image\/"}}]}},"_links":{"self":[{"href":"https:\/\/www.fmreview.org\/ar\/wp-json\/wp\/v2\/fmr_content\/40375","targetHints":{"allow":["GET"]}}],"collection":[{"href":"https:\/\/www.fmreview.org\/ar\/wp-json\/wp\/v2\/fmr_content"}],"about":[{"href":"https:\/\/www.fmreview.org\/ar\/wp-json\/wp\/v2\/types\/fmr_content"}],"version-history":[{"count":1,"href":"https:\/\/www.fmreview.org\/ar\/wp-json\/wp\/v2\/fmr_content\/40375\/revisions"}],"predecessor-version":[{"id":48242,"href":"https:\/\/www.fmreview.org\/ar\/wp-json\/wp\/v2\/fmr_content\/40375\/revisions\/48242"}],"wp:attachment":[{"href":"https:\/\/www.fmreview.org\/ar\/wp-json\/wp\/v2\/media?parent=40375"}],"wp:term":[{"taxonomy":"fmr_themes","embeddable":true,"href":"https:\/\/www.fmreview.org\/ar\/wp-json\/wp\/v2\/fmr_themes?post=40375"},{"taxonomy":"fmr_region","embeddable":true,"href":"https:\/\/www.fmreview.org\/ar\/wp-json\/wp\/v2\/fmr_region?post=40375"},{"taxonomy":"fmr_issue","embeddable":true,"href":"https:\/\/www.fmreview.org\/ar\/wp-json\/wp\/v2\/fmr_issue?post=40375"},{"taxonomy":"fmr_year","embeddable":true,"href":"https:\/\/www.fmreview.org\/ar\/wp-json\/wp\/v2\/fmr_year?post=40375"},{"taxonomy":"fmr_content_type","embeddable":true,"href":"https:\/\/www.fmreview.org\/ar\/wp-json\/wp\/v2\/fmr_content_type?post=40375"},{"taxonomy":"fmr_languages","embeddable":true,"href":"https:\/\/www.fmreview.org\/ar\/wp-json\/wp\/v2\/fmr_languages?post=40375"},{"taxonomy":"fmr_list_years","embeddable":true,"href":"https:\/\/www.fmreview.org\/ar\/wp-json\/wp\/v2\/fmr_list_years?post=40375"}],"curies":[{"name":"wp","href":"https:\/\/api.w.org\/{rel}","templated":true}]}}