{"id":40384,"date":"2013-09-10T00:00:00","date_gmt":"2013-09-10T05:00:00","guid":{"rendered":"https:\/\/www.fmreview.org\/marshall-et-al-2-2\/"},"modified":"2025-06-25T09:48:20","modified_gmt":"2025-06-25T14:48:20","slug":"marshall-et-al-2-2","status":"publish","type":"fmr_content","link":"https:\/\/www.fmreview.org\/ar\/marshall-et-al-2-2\/","title":{"rendered":"La detenci\u00f3n comunitaria en Australia: una opci\u00f3n m\u00e1s humana"},"content":{"rendered":"<p>La experiencia de permanecer en un centro de internamiento &ndash; o de &ldquo;permanecer detenido&rdquo;&ndash; tiene consecuencias negativas y duraderas para la salud mental y el bienestar de muchos de los hombres, mujeres y ni&ntilde;os que solicitan asilo en Australia. Factores como la privaci&oacute;n de libertad, el sentimiento de injusticia, el aislamiento de la comunidad, los crecientes sentimientos de desmoralizaci&oacute;n y desesperanza, el aumento de la duraci&oacute;n del proceso de determinaci&oacute;n de la condici&oacute;n de refugiado, el riesgo de deportaci&oacute;n y los desconcertantes procedimientos legales han contribuido a crear problemas de salud mental a los detenidos y a que aumente su ansiedad y depresi&oacute;n<a href=\"#_edn1\" name=\"_ednref1\" title=\"\">[1]<\/a>. Estas condiciones han provocado suicidios, autolesiones, protestas y des&oacute;rdenes en el comportamiento.<\/p>\n<p><span style=\"line-height: 1.5em;\">Tambi&eacute;n se ha descubierto que la detenci&oacute;n tiene un efecto adverso concreto sobre la salud mental al exacerbar el impacto de traumas anteriores y constituye un trauma constante en s&iacute; misma, y que los menores no acompa&ntilde;ados son especialmente susceptibles de sufrir problemas de salud mental o que afecten a su bienestar.<\/span><\/p>\n<p><span style=\"line-height: 1.5em;\">A principios de 2010, un grupo de defensores de los derechos humanos comenz&oacute; a buscar modelos adecuados de detenci&oacute;n comunitaria para los menores no acompa&ntilde;ados que solicitaban asilo. Se llevaron a cabo consultas con muchos de los principales interesados en acciones humanitarias y proveedores de servicios de juventud. Una vez que se lleg&oacute; a un acuerdo sobre el modelo a aplicar y que se determinaron el alojamiento y los proveedores de servicios, se present&oacute; una propuesta ante el Departamento de Inmigraci&oacute;n y Ciudadan&iacute;a (DIAC, por sus siglas en ingl&eacute;s) para que se cambiase el r&eacute;gimen de detenciones para los menores no acompa&ntilde;ados. El Gobierno australiano se mostr&oacute; receptivo ante las propuestas y ha transferido a un n&uacute;mero importante de menores no acompa&ntilde;ados y familias fuera de centros de internamiento cerrados desde que se hizo la primera declaraci&oacute;n pol&iacute;tica en 2010.&nbsp; A los menores no acompa&ntilde;ados se les traslada a casas de cuatro o cinco habitaciones, que pueden contener una zona de despacho y una habitaci&oacute;n libre para que un trabajador social especializado en juventud pueda quedarse a pasar la noche.<\/span><\/p>\n<p><span style=\"line-height: 1.5em;\">Las urgentes y cada vez peores crisis de salud mental que se producen en los lugares de detenci&oacute;n de inmigrantes llevaron al Departamento de Inmigraci&oacute;n y Ciudadan&iacute;a a aumentar el n&uacute;mero de contratos con agencias seleccionadas para ofrecer alojamiento y apoyo a hombres adultos vulnerables que tambi&eacute;n se encontrasen detenidos. Desde marzo de 2012, el Servicio Jesuita a Refugiados y el Marist Youth Care han implementado un programa de detenci&oacute;n comunitaria para hombres adultos vulnerables (el Vulnerable Adult Men Residence Determination Project o Proyecto de Determinaci&oacute;n de la Residencia para Hombres Adultos Vulnerables). En un principio el proyecto incorpor&oacute; un hostal y cinco viviendas que acog&iacute;an a 40 hombres adultos con m&uacute;ltiples y complejas necesidades, entre ellas problemas de salud f&iacute;sica y mental. Este servicio se extendi&oacute; m&aacute;s tarde a familias y actualmente ofrece servicios de salud, prestaciones sociales, residencia y asistencia social intensiva a los solicitantes de asilo que quedan al cuidado de la comunidad. En agosto de 2013, el alojamiento disponible consist&iacute;a en un hostal y ocho viviendas, y se les hab&iacute;a proporcionado estos servicios a 83 clientes (hombres adultos vulnerables y familias).<\/span><\/p>\n<p><span style=\"line-height: 1.5em;\">A mediados de 2010 el Gobierno australiano cambi&oacute; su pol&iacute;tica optando por un procesamiento fuera de las costas australianas en terceros pa&iacute;ses. Sin embargo, esta pol&iacute;tica fracas&oacute; a la vista de la negativa del Gobierno de Timor Oriental a cooperar y a un dictamen del Tribunal Superior que no permit&iacute;a la transferencia de solicitantes de asilo a Malasia. Por eso, en octubre de 2011 se anunci&oacute; que todos los solicitantes de asilo estar&iacute;an sujetos a ser procesados dentro del territorio australiano. Tras un per&iacute;odo de detenci&oacute;n inicial para comprobar su identidad y su estado de salud, y por razones de seguridad, a la mayor&iacute;a se les liberaba, se les permit&iacute;a vivir entre la comunidad australiana y les eran entregados visados con permiso de trabajo. A aquellos que tras la evaluaci&oacute;n eran considerados demasiado vulnerables como para vivir por su cuenta se les somet&iacute;a a la detenci&oacute;n comunitaria, lo que no les daba derecho al trabajo.<\/span><\/p>\n<p><strong style=\"line-height: 1.5em;\">&iquest;Por qu&eacute; la detenci&oacute;n comunitaria?<\/strong><\/p>\n<p>En Australia se han contratado organizaciones surgidas de la comunidad o en torno a la iglesia para que proporcionen servicios de detenci&oacute;n comunitaria.&nbsp; Tras su liberaci&oacute;n, a los solicitantes de asilo vulnerables, los menores no acompa&ntilde;ados y las familias se les asignan estos servicios y se les proporcionan otros como vivienda, sanidad y prestaciones sociales as&iacute; como ayuda intensiva por parte de trabajadores sociales.&nbsp; Aunque la detenci&oacute;n comunitaria sea tambi&eacute;n una forma de detenci&oacute;n, a los solicitantes de asilo no les controlan guardias como si se encontraran internados en centros. Tienen la oportunidad de moverse entre la comunidad, de participar en sus actividades y eventos sociales, y de experimentar algo de normalidad en sus vidas. Los clientes hablan sobre el aumento de su nivel de independencia que han experimentado a ra&iacute;z de poder ir a hacer la compra ellos mismos, planificar y cocinar sus propios men&uacute;s y organizar su propio transporte cuando acuden a una cita. Esto les da la posibilidad de mantener un contacto m&aacute;s estrecho con amigos, familiares y redes de apoyo. Las familias han declarado que a sus hijos les va mucho mejor desde que viven entre la comunidad respecto a cuando se encontraban internados.<\/p>\n<p><span style=\"line-height: 1.5em;\">La detenci&oacute;n comunitaria cuesta menos que la gesti&oacute;n de centros de internamiento de alta seguridad (que incurren en grandes costes monetarios y de construcci&oacute;n as&iacute; como en m&aacute;s costes intangibles provocados por problemas como el deterioro de la salud mental). Por contra, la detenci&oacute;n comunitaria reduce los costes a todos estos niveles<\/span><a href=\"#_edn2\" name=\"_ednref2\" style=\"line-height: 1.5em;\" title=\"\">[2]<\/a><span style=\"line-height: 1.5em;\">. El procesamiento comunitario tambi&eacute;n reduce futuros problemas de financiaci&oacute;n de los sistemas de salud y seguridad social, sistemas que los solicitantes de asilo que se encuentran en una situaci&oacute;n de detenci&oacute;n prolongada requerir&aacute;n de forma inevitable.<\/span><\/p>\n<p><em style=\"line-height: 1.5em;\">&ldquo;La detenci&oacute;n comunitaria es diferente. Agradezco que no estemos escoltados por&#8230; guardias las 24 horas del d&iacute;a durante toda la semana. Tenemos m&aacute;s libertad&rdquo;.<\/em><\/p>\n<p><span style=\"line-height: 1.5em;\">La detenci&oacute;n comunitaria permite a la gente entender mejor c&oacute;mo funciona la vida en Australia y disponer de mejores oportunidades para aprender ingl&eacute;s y hacer contactos dentro de la comunidad, aumentado las posibilidades de que durante el asentamiento se les acabe concediendo un visado permanente. Cuando no se les ha concedido el estatus de refugiado, aquellos que viv&iacute;an en el seno de la comunidad se han mostrado m&aacute;s predispuestos a regresar a sus pa&iacute;ses de origen. Las tasas de suicidio y autolesiones son m&aacute;s bajas y las de evasi&oacute;n de la justicia son m&iacute;nimas entre quienes residen entre la comunidad.<\/span><\/p>\n<p><strong>Retos<\/strong><\/p>\n<p>Con fecha de 31 de mayo de 2013, 2.820 solicitantes de asilo se hab&iacute;an puesto en situaci&oacute;n de detenci&oacute;n comunitaria y 8.521 hab&iacute;an sido internados en centros de detenci&oacute;n de inmigrantes y en lugares de detenci&oacute;n alternativos.<a href=\"#_edn3\" name=\"_ednref3\" title=\"\">[3]<\/a> Aunque el programa de detenci&oacute;n comunitaria ha sido extremadamente exitoso, no ha estado exento de complicaciones. Pese a que el programa est&aacute; totalmente financiado por el Gobierno, siguen siendo escasos los servicios a los que las personas que se hallan bajo detenci&oacute;n comunitaria les gustar&iacute;a acceder y no pueden, como servicios para discapacitados y concesiones para viajar. Los solicitantes de asilo bajo detenci&oacute;n comunitaria disponen de una asignaci&oacute;n econ&oacute;mica muy b&aacute;sica que deben utilizar para pagarse la comida, los viajes, los &uacute;tiles y los gastos cotidianos. No se les permite trabajar y por eso dependen &uacute;nicamente de esta peque&ntilde;a asignaci&oacute;n econ&oacute;mica.<\/p>\n<p><em style=\"line-height: 1.5em;\">&ldquo;S&iacute;, no hay alambradas a nuestro alrededor y podemos movernos por la comunidad pero seguimos teniendo muchas restricciones de movimiento. Todav&iacute;a tenemos toque de queda. El dinero es muy limitado y la espera para que se procese nuestro visado parece eterna. Nuestras vidas siguen estando en el limbo&rdquo;<\/em><span style=\"line-height: 1.5em;\">. (Solicitante de asilo hazara que lleva un a&ntilde;o bajo detenci&oacute;n comunitaria).<\/span><\/p>\n<p><span style=\"line-height: 1.5em;\">Sin embargo, los clientes tienen permiso para realizar trabajos no remunerados en forma de voluntariado como medio de interacci&oacute;n con la comunidad aut&oacute;ctona, de establecer relaciones, de mejorar su capacidad de comunicarse en ingl&eacute;s y de obtener nuevas destrezas. Esto, en combinaci&oacute;n con su experiencia en la detenci&oacute;n comunitaria, puede ayudar a facilitarles una entrada m&aacute;s r&aacute;pida en el mundo laboral una vez que se les conceda el visado.<\/span><\/p>\n<p><span style=\"line-height: 1.5em;\">Suele &nbsp;resultar dif&iacute;cil para organizaciones como el Servicio Jesuita a Refugiados (SJR) conseguir un alojamiento apropiado y proporcionar a esta gente la oferta de servicios necesaria. Adem&aacute;s, los fallos en la comunicaci&oacute;n pueden implicar, por ejemplo, que el flujo de solicitantes de asilo procedentes de la detenci&oacute;n dentro de la comunidad no siempre sea constante y que los solicitantes de asilo deban permanecer detenidos m&aacute;s tiempo del necesario.<\/span><\/p>\n<p><span style=\"line-height: 1.5em;\">Recientemente el programa se ha complicado debido a un Nuevo Modelo de Cuidados introducido por el Gobierno a trav&eacute;s de su Pol&iacute;tica de No Ventaja de 2012. Seg&uacute;n esta pol&iacute;tica, los solicitantes de asilo que llegaron despu&eacute;s del 13 de agosto de 2012 recibir&aacute;n una asignaci&oacute;n econ&oacute;mica menor para poder vivir, no tienen derecho al trabajo, se enfrentan a un tiempo de espera de su solicitud de hasta cinco a&ntilde;os y podr&iacute;an llegar a ser trasladados sin previo aviso a cualquiera de los centros regionales de procesamiento en cualquier momento de su detenci&oacute;n comunitaria.<\/span><\/p>\n<p><span style=\"line-height: 1.5em;\">Las agrupaciones basadas en los derechos humanos y la Iglesia necesitan seguir defendiendo en gran medida la mejora de los programas de detenci&oacute;n comunitaria. Al contrario que la gente que se encuentra en centros de detenci&oacute;n cerrados, los solicitantes de asilo y los refugiados que se hallan bajo detenci&oacute;n comunitaria pueden vivir en un entorno relativamente normal a pesar de sus circunstancias anormales y personalizar el espacio en el que residen. Las detenciones comunitarias parecen ayudar a las personas a lidiar con el estr&eacute;s asociado a los procesos de evaluaci&oacute;n de la condici&oacute;n de refugiado, que suelen ser largos y a veces traum&aacute;ticos. Cuando se cuenta con las oportunidades y el apoyo adecuado, constituyen un modelo mucho m&aacute;s humano y efectivo que la detenci&oacute;n en centros cerrados.<\/span><\/p>\n<p><span style=\"line-height: 1.5em;\">Louise Stack <\/span><a href=\"mailto:louise.stack@jrs.org.au\" style=\"line-height: 1.5em;\">louise.stack@jrs.org.au<\/a><span style=\"line-height: 1.5em;\">, Suma Pillai <\/span><em style=\"line-height: 1.5em;\"><a href=\"mailto:suma.pillai@jrs.org.au\">suma.pillai@jrs.org.au<\/a><\/em><span style=\"line-height: 1.5em;\"> &nbsp;y Catherine Marshall <\/span><em style=\"line-height: 1.5em;\"><a href=\"mailto:catherine.marshall@jesuit.org.au\">catherine.marshall@jesuit.org.au<\/a><\/em><span style=\"line-height: 1.5em;\"> trabajan para el Servicio Jesuita a Refugiados en Australia. <\/span><em style=\"line-height: 1.5em;\"><a href=\"http:\/\/www.jrs.org.au\/\">www.jrs.org.au<\/a><\/em><\/p>\n<div>\n\t<br clear=\"all\" \/><\/p>\n<hr align=\"left\" size=\"1\" width=\"33%\" \/>\n<div id=\"edn1\">\n<p><a href=\"#_ednref1\" name=\"_edn1\" title=\"\">[1]<\/a><a href=\"http:\/\/www.ncbi.nlm.nih.gov\/pubmed?term=Silove%20D%5BAuthor%5D&amp;cauthor=true&amp;cauthor_uid=8135685\">Silove D.<\/a>, <a href=\"http:\/\/www.ncbi.nlm.nih.gov\/pubmed?term=McIntosh%20P%5BAuthor%5D&amp;cauthor=true&amp;cauthor_uid=8135685\">McIntosh P.<\/a>, <a href=\"http:\/\/www.ncbi.nlm.nih.gov\/pubmed?term=Becker%20R%5BAuthor%5D&amp;cauthor=true&amp;cauthor_uid=8135685\">Becker R.<\/a> &lsquo;Risk of retraumatisation of asylum-seekers in Australia&rsquo; (&ldquo;El peligro de volver a traumatizar a los solicitantes de asilo en Australia&rdquo;), <em>Australian and New Zealand Journal of Psychiatry<\/em> (Revista de Psiquiatr&iacute;a de Australia y Nueva Zelanda), 1993, Vol. 27, N&ordm; 4, pp606-612 <a href=\"http:\/\/informahealthcare.com\/doi\/full\/10.3109\/00048679309075823\">http:\/\/informahealthcare.com\/doi\/full\/10.3109\/00048679309075823<\/a><\/p>\n<p><a href=\"http:\/\/tinyurl.com\/Silove-McIntosh-Becker-1993\">http:\/\/tinyurl.com\/Silove-McIntosh-Becker-1993<\/a><\/p>\n<\/p><\/div>\n<div id=\"edn2\">\n<p><a href=\"#_ednref2\" name=\"_edn2\" title=\"\">[2]<\/a> Presupuestos del Senado, Asuntos Legales y Constitucionales (13 de febrero de 2012)<\/p>\n<\/p><\/div>\n<div id=\"edn3\">\n<p><a href=\"#_ednref3\" name=\"_edn3\" title=\"\">[3]<\/a> Un centro de detenci&oacute;n de inmigrantes (IDF, por sus siglas en ingl&eacute;s) se ha construido para tal fin. Un lugar alternativo de detenci&oacute;n (APOD, por sus siglas en ingl&eacute;s) puede ser similar a un hotel o un hospital y se emplea como centro de internamiento en el que los detenidos se encuentran custodiados.<\/p>\n<\/p><\/div>\n<\/div>\n<p>&nbsp;<\/p>\n","protected":false},"excerpt":{"rendered":"<p>La experiencia de permanecer en un centro de internamiento &ndash; o de &ldquo;permanecer detenido&rdquo;&ndash; tiene consecuencias negativas y duraderas para la salud mental y el bienestar de muchos de los hombres, mujeres y ni&ntilde;os que solicitan asilo en Australia. Factores como la privaci&oacute;n de libertad, el sentimiento de injusticia, el aislamiento de la comunidad, los&hellip;<\/p>\n","protected":false},"featured_media":0,"parent":0,"menu_order":0,"template":"","fmr_themes":[],"fmr_region":[],"fmr_issue":[92],"fmr_year":[],"fmr_content_type":[27],"fmr_languages":[38],"fmr_list_years":[562],"class_list":["post-40384","fmr_content","type-fmr_content","status-publish","hentry","fmr_issue-92","fmr_content_type-article","fmr_languages-spanish","fmr_list_years-562","entry","no-media"],"acf":[],"yoast_head":"<!-- This site is optimized with the Yoast SEO plugin v26.7 - https:\/\/yoast.com\/wordpress\/plugins\/seo\/ -->\n<title>La detenci\u00f3n comunitaria en Australia: una opci\u00f3n m\u00e1s humana - Forced Migration Review<\/title>\n<meta name=\"robots\" content=\"index, follow, max-snippet:-1, max-image-preview:large, max-video-preview:-1\" \/>\n<link rel=\"canonical\" href=\"https:\/\/www.fmreview.org\/marshall-et-al-2-2\/\" \/>\n<meta property=\"og:locale\" content=\"ar_AR\" \/>\n<meta property=\"og:type\" content=\"article\" \/>\n<meta property=\"og:title\" content=\"La detenci\u00f3n comunitaria en Australia: una opci\u00f3n m\u00e1s humana - Forced Migration Review\" \/>\n<meta property=\"og:description\" content=\"La experiencia de permanecer en un centro de internamiento &ndash; o de &ldquo;permanecer detenido&rdquo;&ndash; tiene consecuencias negativas y duraderas para la salud mental y el bienestar de muchos de los hombres, mujeres y ni&ntilde;os que solicitan asilo en Australia. Factores como la privaci&oacute;n de libertad, el sentimiento de injusticia, el aislamiento de la comunidad, los&hellip;\" \/>\n<meta property=\"og:url\" content=\"https:\/\/www.fmreview.org\/marshall-et-al-2-2\/\" \/>\n<meta property=\"og:site_name\" content=\"Forced Migration Review\" \/>\n<meta property=\"article:modified_time\" content=\"2025-06-25T14:48:20+00:00\" \/>\n<meta name=\"twitter:card\" content=\"summary_large_image\" \/>\n<meta name=\"twitter:label1\" content=\"Est. reading time\" \/>\n\t<meta name=\"twitter:data1\" content=\"11 minutes\" \/>\n<script type=\"application\/ld+json\" class=\"yoast-schema-graph\">{\"@context\":\"https:\/\/schema.org\",\"@graph\":[{\"@type\":\"WebPage\",\"@id\":\"https:\/\/www.fmreview.org\/marshall-et-al-2-2\/\",\"url\":\"https:\/\/www.fmreview.org\/marshall-et-al-2-2\/\",\"name\":\"La detenci\u00f3n comunitaria en Australia: una opci\u00f3n m\u00e1s humana - Forced Migration Review\",\"isPartOf\":{\"@id\":\"https:\/\/www.fmreview.org\/#website\"},\"datePublished\":\"2013-09-10T05:00:00+00:00\",\"dateModified\":\"2025-06-25T14:48:20+00:00\",\"breadcrumb\":{\"@id\":\"https:\/\/www.fmreview.org\/marshall-et-al-2-2\/#breadcrumb\"},\"inLanguage\":\"ar\",\"potentialAction\":[{\"@type\":\"ReadAction\",\"target\":[\"https:\/\/www.fmreview.org\/marshall-et-al-2-2\/\"]}]},{\"@type\":\"BreadcrumbList\",\"@id\":\"https:\/\/www.fmreview.org\/marshall-et-al-2-2\/#breadcrumb\",\"itemListElement\":[{\"@type\":\"ListItem\",\"position\":1,\"name\":\"Home\",\"item\":\"https:\/\/www.fmreview.org\/ar\/\"},{\"@type\":\"ListItem\",\"position\":2,\"name\":\"La detenci\u00f3n comunitaria en Australia: una opci\u00f3n m\u00e1s humana\"}]},{\"@type\":\"WebSite\",\"@id\":\"https:\/\/www.fmreview.org\/#website\",\"url\":\"https:\/\/www.fmreview.org\/\",\"name\":\"Forced Migration Review\",\"description\":\"\",\"publisher\":{\"@id\":\"https:\/\/www.fmreview.org\/#organization\"},\"potentialAction\":[{\"@type\":\"SearchAction\",\"target\":{\"@type\":\"EntryPoint\",\"urlTemplate\":\"https:\/\/www.fmreview.org\/?s={search_term_string}\"},\"query-input\":{\"@type\":\"PropertyValueSpecification\",\"valueRequired\":true,\"valueName\":\"search_term_string\"}}],\"inLanguage\":\"ar\"},{\"@type\":\"Organization\",\"@id\":\"https:\/\/www.fmreview.org\/#organization\",\"name\":\"Forced Migration Review\",\"url\":\"https:\/\/www.fmreview.org\/\",\"logo\":{\"@type\":\"ImageObject\",\"inLanguage\":\"ar\",\"@id\":\"https:\/\/www.fmreview.org\/#\/schema\/logo\/image\/\",\"url\":\"https:\/\/www.fmreview.org\/wp-content\/uploads\/2024\/02\/FMR_logo1.svg\",\"contentUrl\":\"https:\/\/www.fmreview.org\/wp-content\/uploads\/2024\/02\/FMR_logo1.svg\",\"width\":53,\"height\":62,\"caption\":\"Forced Migration Review\"},\"image\":{\"@id\":\"https:\/\/www.fmreview.org\/#\/schema\/logo\/image\/\"}}]}<\/script>\n<!-- \/ Yoast SEO plugin. -->","yoast_head_json":{"title":"La detenci\u00f3n comunitaria en Australia: una opci\u00f3n m\u00e1s humana - Forced Migration Review","robots":{"index":"index","follow":"follow","max-snippet":"max-snippet:-1","max-image-preview":"max-image-preview:large","max-video-preview":"max-video-preview:-1"},"canonical":"https:\/\/www.fmreview.org\/marshall-et-al-2-2\/","og_locale":"ar_AR","og_type":"article","og_title":"La detenci\u00f3n comunitaria en Australia: una opci\u00f3n m\u00e1s humana - Forced Migration Review","og_description":"La experiencia de permanecer en un centro de internamiento &ndash; o de &ldquo;permanecer detenido&rdquo;&ndash; tiene consecuencias negativas y duraderas para la salud mental y el bienestar de muchos de los hombres, mujeres y ni&ntilde;os que solicitan asilo en Australia. Factores como la privaci&oacute;n de libertad, el sentimiento de injusticia, el aislamiento de la comunidad, los&hellip;","og_url":"https:\/\/www.fmreview.org\/marshall-et-al-2-2\/","og_site_name":"Forced Migration Review","article_modified_time":"2025-06-25T14:48:20+00:00","twitter_card":"summary_large_image","twitter_misc":{"Est. reading time":"11 minutes"},"schema":{"@context":"https:\/\/schema.org","@graph":[{"@type":"WebPage","@id":"https:\/\/www.fmreview.org\/marshall-et-al-2-2\/","url":"https:\/\/www.fmreview.org\/marshall-et-al-2-2\/","name":"La detenci\u00f3n comunitaria en Australia: una opci\u00f3n m\u00e1s humana - Forced Migration Review","isPartOf":{"@id":"https:\/\/www.fmreview.org\/#website"},"datePublished":"2013-09-10T05:00:00+00:00","dateModified":"2025-06-25T14:48:20+00:00","breadcrumb":{"@id":"https:\/\/www.fmreview.org\/marshall-et-al-2-2\/#breadcrumb"},"inLanguage":"ar","potentialAction":[{"@type":"ReadAction","target":["https:\/\/www.fmreview.org\/marshall-et-al-2-2\/"]}]},{"@type":"BreadcrumbList","@id":"https:\/\/www.fmreview.org\/marshall-et-al-2-2\/#breadcrumb","itemListElement":[{"@type":"ListItem","position":1,"name":"Home","item":"https:\/\/www.fmreview.org\/ar\/"},{"@type":"ListItem","position":2,"name":"La detenci\u00f3n comunitaria en Australia: una opci\u00f3n m\u00e1s humana"}]},{"@type":"WebSite","@id":"https:\/\/www.fmreview.org\/#website","url":"https:\/\/www.fmreview.org\/","name":"Forced Migration Review","description":"","publisher":{"@id":"https:\/\/www.fmreview.org\/#organization"},"potentialAction":[{"@type":"SearchAction","target":{"@type":"EntryPoint","urlTemplate":"https:\/\/www.fmreview.org\/?s={search_term_string}"},"query-input":{"@type":"PropertyValueSpecification","valueRequired":true,"valueName":"search_term_string"}}],"inLanguage":"ar"},{"@type":"Organization","@id":"https:\/\/www.fmreview.org\/#organization","name":"Forced Migration Review","url":"https:\/\/www.fmreview.org\/","logo":{"@type":"ImageObject","inLanguage":"ar","@id":"https:\/\/www.fmreview.org\/#\/schema\/logo\/image\/","url":"https:\/\/www.fmreview.org\/wp-content\/uploads\/2024\/02\/FMR_logo1.svg","contentUrl":"https:\/\/www.fmreview.org\/wp-content\/uploads\/2024\/02\/FMR_logo1.svg","width":53,"height":62,"caption":"Forced Migration Review"},"image":{"@id":"https:\/\/www.fmreview.org\/#\/schema\/logo\/image\/"}}]}},"_links":{"self":[{"href":"https:\/\/www.fmreview.org\/ar\/wp-json\/wp\/v2\/fmr_content\/40384","targetHints":{"allow":["GET"]}}],"collection":[{"href":"https:\/\/www.fmreview.org\/ar\/wp-json\/wp\/v2\/fmr_content"}],"about":[{"href":"https:\/\/www.fmreview.org\/ar\/wp-json\/wp\/v2\/types\/fmr_content"}],"version-history":[{"count":1,"href":"https:\/\/www.fmreview.org\/ar\/wp-json\/wp\/v2\/fmr_content\/40384\/revisions"}],"predecessor-version":[{"id":48251,"href":"https:\/\/www.fmreview.org\/ar\/wp-json\/wp\/v2\/fmr_content\/40384\/revisions\/48251"}],"wp:attachment":[{"href":"https:\/\/www.fmreview.org\/ar\/wp-json\/wp\/v2\/media?parent=40384"}],"wp:term":[{"taxonomy":"fmr_themes","embeddable":true,"href":"https:\/\/www.fmreview.org\/ar\/wp-json\/wp\/v2\/fmr_themes?post=40384"},{"taxonomy":"fmr_region","embeddable":true,"href":"https:\/\/www.fmreview.org\/ar\/wp-json\/wp\/v2\/fmr_region?post=40384"},{"taxonomy":"fmr_issue","embeddable":true,"href":"https:\/\/www.fmreview.org\/ar\/wp-json\/wp\/v2\/fmr_issue?post=40384"},{"taxonomy":"fmr_year","embeddable":true,"href":"https:\/\/www.fmreview.org\/ar\/wp-json\/wp\/v2\/fmr_year?post=40384"},{"taxonomy":"fmr_content_type","embeddable":true,"href":"https:\/\/www.fmreview.org\/ar\/wp-json\/wp\/v2\/fmr_content_type?post=40384"},{"taxonomy":"fmr_languages","embeddable":true,"href":"https:\/\/www.fmreview.org\/ar\/wp-json\/wp\/v2\/fmr_languages?post=40384"},{"taxonomy":"fmr_list_years","embeddable":true,"href":"https:\/\/www.fmreview.org\/ar\/wp-json\/wp\/v2\/fmr_list_years?post=40384"}],"curies":[{"name":"wp","href":"https:\/\/api.w.org\/{rel}","templated":true}]}}