{"id":41122,"date":"2019-10-09T00:00:00","date_gmt":"2019-10-09T05:00:00","guid":{"rendered":"https:\/\/www.fmreview.org\/cortesferrandez-3-2\/"},"modified":"2025-03-12T17:16:43","modified_gmt":"2025-03-12T22:16:43","slug":"cortesferrandez","status":"publish","type":"fmr_content","link":"https:\/\/www.fmreview.org\/es\/retorno\/cortesferrandez\/","title":{"rendered":"Espacios de resiliencia: reformular la protecci\u00f3n"},"content":{"rendered":"<p><span><span><span><span lang=\"ES\"><span>En Colombia, el desplazamiento interno provocado por el conflicto armado o por la violencia generalizada a menudo va seguido de desplazamientos adicionales hacia las ciudades, donde las familias buscan ayuda, protecci\u00f3n y oportunidades econ\u00f3micas. Se estima que el 87&nbsp;% de estas personas desplazadas internas proceden de zonas rurales y buscan refugio en los \u00fanicos lugares a los que tienen acceso: los asentamientos informales<\/span><\/span><a href=\"#_edn1\" name=\"_ednref1\"><span><span lang=\"ES\"><span><span><span lang=\"ES\"><span><span>[1]<\/span><\/span><\/span><\/span><\/span><\/span><\/span><\/a><span lang=\"ES\"><span>. <\/span><\/span><\/span><\/span><\/span><\/p>\n<p><span><span><span><em>\u00ab<\/em><em><span lang=\"ES\"><span>Fui desplazada por los paramilitares de los Llanos Orientales al Choc\u00f3 en 2005. Tres a\u00f1os m\u00e1s tarde huimos a las zonas urbanas de Buenaventura y luego, en 2012, debido a la violencia generalizada, a Bogot\u00e1. En 2014, comenzamos a construir nuestra casa en esta colina ante el coste de vida en la ciudad<\/span><\/span><\/em><em>\u00bb<\/em><em><span lang=\"ES\"><span>.<\/span><\/span><\/em><span lang=\"ES\"><span> (Yomaira, vive con su marido y sus tres hijos en Altos de la Florida, Colombia) <\/span><\/span><\/span><\/span><\/span><\/p>\n<p><span><span><span><span lang=\"ES\"><span>Altos de la Florida es un barrio de Soacha, un municipio de aproximadamente un mill\u00f3n de habitantes, la mayor de entre las ciudades que hay en las inmediaciones de Bogot\u00e1. El 48&nbsp;% del municipio es considerado \u201cilegal\u201d por las autoridades locales. En julio de 2018, Soacha acog\u00eda a unos 50&nbsp;000 desplazados internos. El n\u00famero de personas desplazadas tambi\u00e9n se ha visto incrementado por, al menos, 12&nbsp;300 venezolanos que han huido de la crisis en su pa\u00eds de origen. Altos de la Florida tiene una baja calidad en lo que respecta a vivienda, servicios e infraestructura, el 73&nbsp;% de los hogares \u20141011 familias, alrededor de 3657 personas\u2014 viven en condiciones de pobreza estructural. <\/span><\/span><\/span><\/span><\/span><\/p>\n<p><span><span><span><strong><span lang=\"ES\"><span>La informalidad: una de las causas profundas del desplazamiento urbano <\/span><\/span><\/strong><\/span><\/span><\/span><\/p>\n<p><span><span><span><span lang=\"ES\"><span>La Agencia de la ONU para los Refugiados (ACNUR) y el Programa de las Naciones Unidas para el Desarrollo (PNUD) han identificado a Altos de la Florida como una comunidad vulnerable debido a la naturaleza \u201cinformal\u201d del barrio. Los hogares carecen de seguridad de la tenencia, sin pruebas oficiales de la propiedad de la vivienda (y, de hecho, el vecindario se ha enfrentado a varios intentos de desahucio). La falta de servicios b\u00e1sicos e infraestructuras en Altos de la Florida aumenta la vulnerabilidad de la poblaci\u00f3n. Muy pocos tienen acceso a agua corriente y potable, alrededor de 300 ni\u00f1os no pueden acceder a servicios de guarder\u00eda y carecen de centros sanitarios de atenci\u00f3n primaria. La naturaleza informal de estos entornos urbanos limita lo que se puede hacer para reducir las vulnerabilidades, pero los urbanistas de la ciudad se niegan a legalizar el asentamiento aprobando aquellas viviendas que ya hayan sido construidas e incorporando el barrio a su planificaci\u00f3n urbana.<\/span><\/span><\/span><\/span><\/span><\/p>\n<p><span><span><span><span lang=\"ES\"><span>La informalidad junto con la ubicaci\u00f3n f\u00edsica del asentamiento y la falta de presencia de las autoridades locales, lo convierten en un objetivo para los actores armados no estatales. Las tasas de homicidio son elevadas y la violencia resulta ser un reto importante. La falta de voluntad pol\u00edtica, las vulnerabilidades estructurales de las comunidades de estas zonas urbanas informales y los altos niveles de inseguridad provocan nuevos desplazamientos urbanos, tanto intraurbanos como interurbanos. Los desplazados internos urbanos se ven obligados a huir de los asentamientos informales debido a la violencia solo para llegar a otro asentamiento informal y afrontar los mismos riesgos de protecci\u00f3n. Los asentamientos informales, por tanto, son al mismo tiempo lugares de los que la gente huye y lugares en los que las personas desplazadas buscan refugio. En Altos de la Florida, caracterizado por su segregaci\u00f3n social y espacial, los desplazados internos representan entre el 30 y el 40&nbsp;% de la poblaci\u00f3n.<\/span><\/span><\/span><\/span><\/span><\/p>\n<p><span><span><span><strong><span lang=\"ES\"><span>La ayuda internacional: menoscabando la resiliencia <\/span><\/span><\/strong><\/span><\/span><\/span><\/p>\n<p><span><span><span><span lang=\"ES\"><span>En los \u00faltimos a\u00f1os, los agentes humanitarios, de desarrollo y de paz han aumentado su inter\u00e9s por responder en contextos urbanos. Pero su falta de experiencia en la respuesta a los desaf\u00edos que surgen en los entornos urbanos contin\u00faa menoscabando las intervenciones humanitarias y de desarrollo, y esto es precisamente lo que nuestro estudio sobre Altos de la Florida ha investigado<\/span><\/span><a href=\"#_edn2\" name=\"_ednref2\"><span><span lang=\"ES\"><span><span><span lang=\"ES\"><span><span>[2]<\/span><\/span><\/span><\/span><\/span><\/span><\/span><\/a><span lang=\"ES\"><span>. <\/span><\/span><\/span><\/span><\/span><\/p>\n<p><span><span><span><span lang=\"ES\"><span>En el asentamiento, la respuesta prolongada de emergencia desde 2001 ha provocado una dependencia excesiva de la ayuda exterior. La ayuda de emergencia es fundamental, en particular para las familias reci\u00e9n llegadas, pero su suministro prolongado reemplaza la participaci\u00f3n de la comunidad y aumenta la brecha entre la acci\u00f3n humanitaria y el desarrollo. La cohesi\u00f3n social se ve menoscabada, y la consulta limitada as\u00ed como la falta de coordinaci\u00f3n que conlleva reducen la efectividad de cualquier intervenci\u00f3n. En evaluaciones de proyectos anteriores se pudo confirmar que \u201cla cooperaci\u00f3n internacional no es suficiente y requiere de la intervenci\u00f3n integral del Estado\u201d<\/span><\/span><a href=\"#_edn3\" name=\"_ednref3\"><span><span lang=\"EN-US\"><span><span><span lang=\"EN-US\"><span><span>[3]<\/span><\/span><\/span><\/span><\/span><\/span><\/span><\/a><span lang=\"ES\"><span>. Es necesaria una colaboraci\u00f3n mucho mayor entre el sector humanitario y las autoridades locales para abordar las causas de la falta de integraci\u00f3n y del consiguiente desplazamiento secundario, por lo que se requiere de una fuerte voluntad pol\u00edtica, tanto a nivel local como nacional. <\/span><\/span><\/span><\/span><\/span><\/p>\n<p><span><span><span><strong><span lang=\"ES\"><span>Espacios de resiliencia: un enfoque de protecci\u00f3n<\/span><\/span><\/strong> <\/span><\/span><\/span><\/p>\n<p><span><span><span><span lang=\"ES\"><span>En los asentamientos urbanos informales, los agentes humanitarios, de desarrollo y de paz tienen que trabajar dentro de las limitaciones de un entorno social debilitado y menos cohesionado, exacerbado por la violencia. Esto promueve respuestas a corto plazo y enfoques de silos. Las respuestas poco integradas tienen una capacidad limitada para abordar crisis urbanas complejas. Las intervenciones han de ser colaborativas e integradas, y deben tener como objetivo reducir las vulnerabilidades a largo plazo tanto de la poblaci\u00f3n desplazada internamente como de las comunidades de acogida. <\/span><\/span><\/span><\/span><\/span><\/p>\n<p><span><span><span><span lang=\"ES\"><span>M\u00e1s all\u00e1 de la supervivencia, la ayuda humanitaria debe comprometerse a dar apoyo a que las personas vivan con dignidad. Los \u201cespacios de resiliencia\u201d se desarrollaron como enfoque complementario a la protecci\u00f3n, combinando asistencia con recuperaci\u00f3n y no solo abordando las necesidades urgentes, sino tambi\u00e9n reforzando las capacidades locales. El marco combina un enfoque de protecci\u00f3n de arriba hacia abajo con un enfoque de fomento de la capacidad de abajo hacia arriba mediante tres \u00e1reas de intervenci\u00f3n: la creaci\u00f3n de oportunidades educativas, econ\u00f3micas y laborales; el fortalecimiento de la cohesi\u00f3n social; y el apoyo a las capacidades de liderazgo. Este enfoque se ha incorporado a trav\u00e9s de varios proyectos en Altos de la Florida, lo que ha dado lugar a la creaci\u00f3n de dos \u201cespacios de resiliencia\u201d comunitarios en el asentamiento informal: Comit\u00e9 de Impulso, un encuentro quincenal entre l\u00edderes comunitarios, residentes, asociaciones de desplazados internos y trabajadores humanitarios; y Florida Juvenil, una organizaci\u00f3n comunitaria juvenil creada por los grupos vecinales de <em>breakdance<\/em>, teatro y f\u00fatbol. <\/span><\/span><\/span><\/span><\/span><\/p>\n<p><span><span><span><span lang=\"ES\"><span>El Comit\u00e9 de Impulso trabaja por crear sinergias entre las organizaciones, la comunidad, las autoridades y el sector p\u00fablico con el fin de hacer m\u00e1s sostenible la respuesta humanitaria. Dado que los l\u00edderes locales convocan al comit\u00e9 y que la comunidad cada vez m\u00e1s empoderada para tratar los asuntos del barrio, constituye en s\u00ed mismo un proceso de aumento de la resiliencia. Florida Juvenil \u2014cuyo enfoque es que la protecci\u00f3n viene a trav\u00e9s del empoderamiento\u2014 surge a ra\u00edz de una iniciativa de UNICEF y contin\u00faa recibiendo el apoyo de ACNUR, Kair\u00f3s y el Servicio Jesuita a Refugiados. Los l\u00edderes de Florida Juvenil son j\u00f3venes del barrio que comenzaron cuando eran estudiantes con el grupo de <em>breakdance<\/em> (llamado <em>180 Crew <\/em>por el n\u00famero de j\u00f3venes que participaban en \u00e9l)<\/span><\/span><a href=\"#_edn4\" name=\"_ednref4\"><span><span lang=\"EN-US\"><span><span><span lang=\"EN-US\"><span><span>[4]<\/span><\/span><\/span><\/span><\/span><\/span><\/span><\/a><span lang=\"ES\"><span>. <\/span><\/span><\/span><\/span><\/span><\/p>\n<p><span><span><span><span lang=\"ES\"><span>La resiliencia ha surgido como una de las respuestas m\u00e1s firmes a la brecha entre lo humanitario y de desarrollo y como un llamamiento en favor de una \u201cnueva forma de trabajar\u201d para superar esta brecha. En Altos de la Florida, el trabajo conjunto de los actores humanitarios y de desarrollo, en colaboraci\u00f3n con sus hom\u00f3logos nacionales y locales, tiene como objetivo reducir el riesgo y la vulnerabilidad a corto y medio plazo (de tres a cinco a\u00f1os). Aqu\u00ed la atenci\u00f3n se centra en tres criterios que son reconocidos cada vez m\u00e1s como esenciales en las respuestas urbanas al desplazamiento: complementariedad, conectividad y sostenibilidad. <\/span><\/span><\/span><\/span><\/span><\/p>\n<p><span><span><span><span lang=\"ES\"><span>En Altos de la Florida, los actores internacionales han estado trabajando para reforzar los sistemas locales y nacionales en vez de reemplazarlos. Han tratado de colaborar con los proveedores de ayuda locales y nacionales e incluir a las autoridades locales y los municipios en la planificaci\u00f3n y la programaci\u00f3n; trabajan para empoderar a los l\u00edderes de las ONG locales y nacionales y de las organizaciones comunitarias desarrollando su capacidad de liderazgo, gesti\u00f3n y coordinaci\u00f3n, y facilit\u00e1ndoles el uso de herramientas para establecer redes sociales con las que colaborar con las autoridades locales. La sostenibilidad y la resiliencia dependen de esta capacidad de colaboraci\u00f3n y del fortalecimiento de las capacidades locales y nacionales. El enfoque adoptado en Altos de la Florida se basa en el fomento de la resiliencia como instrumento de protecci\u00f3n. Esta protecci\u00f3n, a su vez, representa un factor clave para abordar las causas profundas del desplazamiento urbano.<\/span><\/span><\/span><\/span><\/span><\/p>\n<p>&nbsp;<\/p>\n<p><span><span><span><span lang=\"ES\"><span>Pablo Cort\u00e9s Ferr\u00e1ndez <\/span><\/span><a href=\"mailto:pablo.ferrandez@idmc.ch\"><em><span><span>pablo.ferrandez@idmc.ch<\/span><\/span><\/em><\/a><\/span><\/span><\/span><br \/>\n<span><span><span><span lang=\"ES\"><span>Investigador, proyecto H2020 PRUV; investigador asociado, Observatorio de Desplazamiento Interno <\/span><\/span><a href=\"http:\/\/www.internal-displacement.org\"><em><span><span>www.internal-displacement.org&nbsp; <\/span><\/span><\/em><\/a><\/span><\/span><\/span><\/p>\n<p>&nbsp;<\/p>\n<p><span><span><a href=\"#_ednref1\" name=\"_edn1\"><span><span lang=\"ES\"><span><span><span lang=\"ES\"><span><span>[1]<\/span><\/span><\/span><\/span><\/span><\/span><\/span><\/a><span lang=\"ES\"><span> CNMH (2010) \u201c<em>Una naci\u00f3n desplazada. Informe nacional del desplazamiento forzado en Colombia<\/em>\u201d, p. 38 <\/span><\/span><a href=\"\/\/\/C:\/Users\/Lucia\/Documents\/Studio%202017\/Projects\/Projects\/190927%20RMF62\/es-ES\/1.Originales_B1\/bit.ly\/29uyNzv\"><span><span>bit.ly\/29uyNzv<\/span><\/span><\/a> <\/span><\/span><\/p>\n<p><span><span><a href=\"#_ednref2\" name=\"_edn2\"><span><span lang=\"ES\"><span><span><span lang=\"ES\"><span><span>[2]<\/span><\/span><\/span><\/span><\/span><\/span><\/span><\/a><span lang=\"ES\"><span> Este art\u00edculo se basa en un proyecto de investigaci\u00f3n llevado a cabo entre los a\u00f1os 2015 y 2018 en Altos de la Florida, que recoge 211 encuestas a hogares, 98 entrevistas en profundidad, tres cartograf\u00edas sociales y tres encuentros con grupos de debate. El proyecto recibi\u00f3 financiaci\u00f3n del programa de investigaci\u00f3n e innovaci\u00f3n Horizonte 2020 de la UE en el marco del convenio de subvenci\u00f3n Marie Sk\u0142odowska-Curie n\u00ba 691060.<\/span><\/span><\/span><\/span><\/p>\n<p><span><span><a href=\"#_ednref3\" name=\"_edn3\"><span><span lang=\"ES\"><span><span><span lang=\"ES\"><span><span>[3]<\/span><\/span><\/span><\/span><\/span><\/span><\/span><\/a><span lang=\"ES\"><span> Econometr\u00eda Consultores (2016) \u201cEvaluaci\u00f3n externa del programa \u2018Construyendo Soluciones Sostenibles-TSI\u2019\u201d, Econometr\u00eda SA, p. 19.<\/span><\/span><\/span><\/span><\/p>\n<p><span><span><a href=\"#_ednref4\" name=\"_edn4\"><span><span lang=\"ES\"><span><span><span lang=\"ES\"><span><span>[4]<\/span><\/span><\/span><\/span><\/span><\/span><\/span><\/a><span lang=\"ES\"><span> Disponible en: <\/span><\/span><a href=\"http:\/\/www.youtube.com\/watch?v=X116JtL7v_U\"><span><span>www.youtube.com\/watch?v=X116JtL7v_U<\/span><\/span><\/a><span><span><span lang=\"ES\"><span>; <\/span><\/span><\/span><\/span><a href=\"http:\/\/www.youtube.com\/watch?v=lF5fTRROURE\"><span><span>www.youtube.com\/watch?v=lF5fTRROURE<\/span><\/span><\/a><\/span><\/span><\/p>\n","protected":false},"excerpt":{"rendered":"<p>En Colombia, el desplazamiento interno provocado por el conflicto armado o por la violencia generalizada a menudo va seguido de desplazamientos adicionales hacia las ciudades, donde las familias buscan ayuda, protecci\u00f3n y oportunidades econ\u00f3micas. Se estima que el 87&nbsp;% de estas personas desplazadas internas proceden de zonas rurales y buscan refugio en los \u00fanicos lugares&hellip;<\/p>\n","protected":false},"featured_media":0,"parent":42721,"menu_order":0,"template":"","fmr_themes":[],"fmr_region":[],"fmr_issue":[110],"fmr_year":[],"fmr_content_type":[27],"fmr_languages":[38],"fmr_list_years":[568],"class_list":["post-41122","fmr_content","type-fmr_content","status-publish","hentry","fmr_issue-110","fmr_content_type-article","fmr_languages-spanish","fmr_list_years-568","entry","no-media"],"acf":[],"yoast_head":"<!-- This site is optimized with the Yoast SEO plugin v26.7 - https:\/\/yoast.com\/wordpress\/plugins\/seo\/ -->\n<title>Espacios de resiliencia: reformular la protecci\u00f3n - Forced Migration Review<\/title>\n<meta name=\"robots\" content=\"index, follow, max-snippet:-1, max-image-preview:large, max-video-preview:-1\" \/>\n<link rel=\"canonical\" href=\"https:\/\/www.fmreview.org\/retorno\/cortesferrandez\/\" \/>\n<meta property=\"og:locale\" content=\"es_ES\" \/>\n<meta property=\"og:type\" content=\"article\" \/>\n<meta property=\"og:title\" content=\"Espacios de resiliencia: reformular la protecci\u00f3n - Forced Migration Review\" \/>\n<meta property=\"og:description\" content=\"En Colombia, el desplazamiento interno provocado por el conflicto armado o por la violencia generalizada a menudo va seguido de desplazamientos adicionales hacia las ciudades, donde las familias buscan ayuda, protecci\u00f3n y oportunidades econ\u00f3micas. Se estima que el 87&nbsp;% de estas personas desplazadas internas proceden de zonas rurales y buscan refugio en los \u00fanicos lugares&hellip;\" \/>\n<meta property=\"og:url\" content=\"https:\/\/www.fmreview.org\/retorno\/cortesferrandez\/\" \/>\n<meta property=\"og:site_name\" content=\"Forced Migration Review\" \/>\n<meta property=\"article:modified_time\" content=\"2025-03-12T22:16:43+00:00\" \/>\n<meta name=\"twitter:card\" content=\"summary_large_image\" \/>\n<meta name=\"twitter:label1\" content=\"Est. reading time\" \/>\n\t<meta name=\"twitter:data1\" content=\"8 minutes\" \/>\n<script type=\"application\/ld+json\" class=\"yoast-schema-graph\">{\"@context\":\"https:\/\/schema.org\",\"@graph\":[{\"@type\":\"WebPage\",\"@id\":\"https:\/\/www.fmreview.org\/retorno\/cortesferrandez\/\",\"url\":\"https:\/\/www.fmreview.org\/retorno\/cortesferrandez\/\",\"name\":\"Espacios de resiliencia: reformular la protecci\u00f3n - Forced Migration Review\",\"isPartOf\":{\"@id\":\"https:\/\/www.fmreview.org\/#website\"},\"datePublished\":\"2019-10-09T05:00:00+00:00\",\"dateModified\":\"2025-03-12T22:16:43+00:00\",\"breadcrumb\":{\"@id\":\"https:\/\/www.fmreview.org\/retorno\/cortesferrandez\/#breadcrumb\"},\"inLanguage\":\"es-ES\",\"potentialAction\":[{\"@type\":\"ReadAction\",\"target\":[\"https:\/\/www.fmreview.org\/retorno\/cortesferrandez\/\"]}]},{\"@type\":\"BreadcrumbList\",\"@id\":\"https:\/\/www.fmreview.org\/retorno\/cortesferrandez\/#breadcrumb\",\"itemListElement\":[{\"@type\":\"ListItem\",\"position\":1,\"name\":\"Home\",\"item\":\"https:\/\/www.fmreview.org\/es\/\"},{\"@type\":\"ListItem\",\"position\":2,\"name\":\"RMF 62 &#8211; Retorno\",\"item\":\"https:\/\/www.fmreview.org\/retorno\/\"},{\"@type\":\"ListItem\",\"position\":3,\"name\":\"Espacios de resiliencia: reformular la protecci\u00f3n\"}]},{\"@type\":\"WebSite\",\"@id\":\"https:\/\/www.fmreview.org\/#website\",\"url\":\"https:\/\/www.fmreview.org\/\",\"name\":\"Forced Migration Review\",\"description\":\"\",\"publisher\":{\"@id\":\"https:\/\/www.fmreview.org\/#organization\"},\"potentialAction\":[{\"@type\":\"SearchAction\",\"target\":{\"@type\":\"EntryPoint\",\"urlTemplate\":\"https:\/\/www.fmreview.org\/?s={search_term_string}\"},\"query-input\":{\"@type\":\"PropertyValueSpecification\",\"valueRequired\":true,\"valueName\":\"search_term_string\"}}],\"inLanguage\":\"es-ES\"},{\"@type\":\"Organization\",\"@id\":\"https:\/\/www.fmreview.org\/#organization\",\"name\":\"Forced Migration Review\",\"url\":\"https:\/\/www.fmreview.org\/\",\"logo\":{\"@type\":\"ImageObject\",\"inLanguage\":\"es-ES\",\"@id\":\"https:\/\/www.fmreview.org\/#\/schema\/logo\/image\/\",\"url\":\"https:\/\/www.fmreview.org\/wp-content\/uploads\/2024\/02\/FMR_logo1.svg\",\"contentUrl\":\"https:\/\/www.fmreview.org\/wp-content\/uploads\/2024\/02\/FMR_logo1.svg\",\"width\":53,\"height\":62,\"caption\":\"Forced Migration Review\"},\"image\":{\"@id\":\"https:\/\/www.fmreview.org\/#\/schema\/logo\/image\/\"}}]}<\/script>\n<!-- \/ Yoast SEO plugin. -->","yoast_head_json":{"title":"Espacios de resiliencia: reformular la protecci\u00f3n - Forced Migration Review","robots":{"index":"index","follow":"follow","max-snippet":"max-snippet:-1","max-image-preview":"max-image-preview:large","max-video-preview":"max-video-preview:-1"},"canonical":"https:\/\/www.fmreview.org\/retorno\/cortesferrandez\/","og_locale":"es_ES","og_type":"article","og_title":"Espacios de resiliencia: reformular la protecci\u00f3n - Forced Migration Review","og_description":"En Colombia, el desplazamiento interno provocado por el conflicto armado o por la violencia generalizada a menudo va seguido de desplazamientos adicionales hacia las ciudades, donde las familias buscan ayuda, protecci\u00f3n y oportunidades econ\u00f3micas. Se estima que el 87&nbsp;% de estas personas desplazadas internas proceden de zonas rurales y buscan refugio en los \u00fanicos lugares&hellip;","og_url":"https:\/\/www.fmreview.org\/retorno\/cortesferrandez\/","og_site_name":"Forced Migration Review","article_modified_time":"2025-03-12T22:16:43+00:00","twitter_card":"summary_large_image","twitter_misc":{"Est. reading time":"8 minutes"},"schema":{"@context":"https:\/\/schema.org","@graph":[{"@type":"WebPage","@id":"https:\/\/www.fmreview.org\/retorno\/cortesferrandez\/","url":"https:\/\/www.fmreview.org\/retorno\/cortesferrandez\/","name":"Espacios de resiliencia: reformular la protecci\u00f3n - Forced Migration Review","isPartOf":{"@id":"https:\/\/www.fmreview.org\/#website"},"datePublished":"2019-10-09T05:00:00+00:00","dateModified":"2025-03-12T22:16:43+00:00","breadcrumb":{"@id":"https:\/\/www.fmreview.org\/retorno\/cortesferrandez\/#breadcrumb"},"inLanguage":"es-ES","potentialAction":[{"@type":"ReadAction","target":["https:\/\/www.fmreview.org\/retorno\/cortesferrandez\/"]}]},{"@type":"BreadcrumbList","@id":"https:\/\/www.fmreview.org\/retorno\/cortesferrandez\/#breadcrumb","itemListElement":[{"@type":"ListItem","position":1,"name":"Home","item":"https:\/\/www.fmreview.org\/es\/"},{"@type":"ListItem","position":2,"name":"RMF 62 &#8211; Retorno","item":"https:\/\/www.fmreview.org\/retorno\/"},{"@type":"ListItem","position":3,"name":"Espacios de resiliencia: reformular la protecci\u00f3n"}]},{"@type":"WebSite","@id":"https:\/\/www.fmreview.org\/#website","url":"https:\/\/www.fmreview.org\/","name":"Forced Migration Review","description":"","publisher":{"@id":"https:\/\/www.fmreview.org\/#organization"},"potentialAction":[{"@type":"SearchAction","target":{"@type":"EntryPoint","urlTemplate":"https:\/\/www.fmreview.org\/?s={search_term_string}"},"query-input":{"@type":"PropertyValueSpecification","valueRequired":true,"valueName":"search_term_string"}}],"inLanguage":"es-ES"},{"@type":"Organization","@id":"https:\/\/www.fmreview.org\/#organization","name":"Forced Migration Review","url":"https:\/\/www.fmreview.org\/","logo":{"@type":"ImageObject","inLanguage":"es-ES","@id":"https:\/\/www.fmreview.org\/#\/schema\/logo\/image\/","url":"https:\/\/www.fmreview.org\/wp-content\/uploads\/2024\/02\/FMR_logo1.svg","contentUrl":"https:\/\/www.fmreview.org\/wp-content\/uploads\/2024\/02\/FMR_logo1.svg","width":53,"height":62,"caption":"Forced Migration Review"},"image":{"@id":"https:\/\/www.fmreview.org\/#\/schema\/logo\/image\/"}}]}},"_links":{"self":[{"href":"https:\/\/www.fmreview.org\/es\/wp-json\/wp\/v2\/fmr_content\/41122","targetHints":{"allow":["GET"]}}],"collection":[{"href":"https:\/\/www.fmreview.org\/es\/wp-json\/wp\/v2\/fmr_content"}],"about":[{"href":"https:\/\/www.fmreview.org\/es\/wp-json\/wp\/v2\/types\/fmr_content"}],"version-history":[{"count":1,"href":"https:\/\/www.fmreview.org\/es\/wp-json\/wp\/v2\/fmr_content\/41122\/revisions"}],"predecessor-version":[{"id":44549,"href":"https:\/\/www.fmreview.org\/es\/wp-json\/wp\/v2\/fmr_content\/41122\/revisions\/44549"}],"up":[{"embeddable":true,"href":"https:\/\/www.fmreview.org\/es\/wp-json\/wp\/v2\/fmr_content\/42721"}],"wp:attachment":[{"href":"https:\/\/www.fmreview.org\/es\/wp-json\/wp\/v2\/media?parent=41122"}],"wp:term":[{"taxonomy":"fmr_themes","embeddable":true,"href":"https:\/\/www.fmreview.org\/es\/wp-json\/wp\/v2\/fmr_themes?post=41122"},{"taxonomy":"fmr_region","embeddable":true,"href":"https:\/\/www.fmreview.org\/es\/wp-json\/wp\/v2\/fmr_region?post=41122"},{"taxonomy":"fmr_issue","embeddable":true,"href":"https:\/\/www.fmreview.org\/es\/wp-json\/wp\/v2\/fmr_issue?post=41122"},{"taxonomy":"fmr_year","embeddable":true,"href":"https:\/\/www.fmreview.org\/es\/wp-json\/wp\/v2\/fmr_year?post=41122"},{"taxonomy":"fmr_content_type","embeddable":true,"href":"https:\/\/www.fmreview.org\/es\/wp-json\/wp\/v2\/fmr_content_type?post=41122"},{"taxonomy":"fmr_languages","embeddable":true,"href":"https:\/\/www.fmreview.org\/es\/wp-json\/wp\/v2\/fmr_languages?post=41122"},{"taxonomy":"fmr_list_years","embeddable":true,"href":"https:\/\/www.fmreview.org\/es\/wp-json\/wp\/v2\/fmr_list_years?post=41122"}],"curies":[{"name":"wp","href":"https:\/\/api.w.org\/{rel}","templated":true}]}}